{"version":"1.0","provider_name":"Fonds de Dotation Kojiro AKAGI","provider_url":"https:\/\/www.kojiroakagi.com\/kojiroakagi_wp","title":"Invitation - Fonds de Dotation Kojiro AKAGI","type":"rich","width":600,"height":338,"html":"<blockquote class=\"wp-embedded-content\" data-secret=\"pVWIocEWCa\"><a href=\"https:\/\/www.kojiroakagi.com\/kojiroakagi_wp\/invitation\/\">Invitation<\/a><\/blockquote><iframe sandbox=\"allow-scripts\" security=\"restricted\" src=\"https:\/\/www.kojiroakagi.com\/kojiroakagi_wp\/invitation\/embed\/#?secret=pVWIocEWCa\" width=\"600\" height=\"338\" title=\"\u00ab\u00a0Invitation\u00a0\u00bb &#8212; Fonds de Dotation Kojiro AKAGI\" data-secret=\"pVWIocEWCa\" frameborder=\"0\" marginwidth=\"0\" marginheight=\"0\" scrolling=\"no\" class=\"wp-embedded-content\"><\/iframe><script>\n\/*! This file is auto-generated *\/\n!function(d,l){\"use strict\";l.querySelector&&d.addEventListener&&\"undefined\"!=typeof URL&&(d.wp=d.wp||{},d.wp.receiveEmbedMessage||(d.wp.receiveEmbedMessage=function(e){var t=e.data;if((t||t.secret||t.message||t.value)&&!\/[^a-zA-Z0-9]\/.test(t.secret)){for(var s,r,n,a=l.querySelectorAll('iframe[data-secret=\"'+t.secret+'\"]'),o=l.querySelectorAll('blockquote[data-secret=\"'+t.secret+'\"]'),c=new RegExp(\"^https?:$\",\"i\"),i=0;i<o.length;i++)o[i].style.display=\"none\";for(i=0;i<a.length;i++)s=a[i],e.source===s.contentWindow&&(s.removeAttribute(\"style\"),\"height\"===t.message?(1e3<(r=parseInt(t.value,10))?r=1e3:~~r<200&&(r=200),s.height=r):\"link\"===t.message&&(r=new URL(s.getAttribute(\"src\")),n=new URL(t.value),c.test(n.protocol))&&n.host===r.host&&l.activeElement===s&&(d.top.location.href=t.value))}},d.addEventListener(\"message\",d.wp.receiveEmbedMessage,!1),l.addEventListener(\"DOMContentLoaded\",function(){for(var e,t,s=l.querySelectorAll(\"iframe.wp-embedded-content\"),r=0;r<s.length;r++)(t=(e=s[r]).getAttribute(\"data-secret\"))||(t=Math.random().toString(36).substring(2,12),e.src+=\"#?secret=\"+t,e.setAttribute(\"data-secret\",t)),e.contentWindow.postMessage({message:\"ready\",secret:t},\"*\")},!1)))}(window,document);\n\/\/# sourceURL=https:\/\/www.kojiroakagi.com\/kojiroakagi_wp\/wp-includes\/js\/wp-embed.min.js\n<\/script>\n","thumbnail_url":"https:\/\/www.kojiroakagi.com\/kojiroakagi_wp\/wp-content\/uploads\/2023\/05\/AKAGI_2017_@_Miho-MATSUMOTO_1976-L250p.jpg","thumbnail_width":250,"thumbnail_height":375,"description":"Vernissage le jeudi 25 mai 2023 de 16h \u00e0 21h00 \u00abKojiro AKAGI &#8211; Show must go on\u00bb \u300e\u4f55\u3068\u3057\u3066\u3082\u7d9a\u3051\u306a\u3051\u308c\u3070\u306a\u3089\u306a\u3044\u300f \u00a0 La Galerie QURT et le Fonds de dotation Kojiro AKAGI ont le plaisir de vous inviter \u00e0 l\u2019Exposition &#8211; Vente \u00abKojiro AKAGI &#8211; Show must go on\u00bb \u300e\u4f55\u3068\u3057\u3066\u3082\u7d9a\u3051\u306a\u3051\u308c\u3070\u306a\u3089\u306a\u3044\u300f Vernissage, le jeudi 25 mai 2023\u00a0 de 16h00 \u00e0 21h00 R.S.V.P. &#8211; fdd@kojiroakagi.com T\u00e9l. 06 46 43 74 63 Village Suisse Paris &#8211; Galeries 80, 81 et 82 12 avenue de Champaubert &#8211; 75015 Paris T\u00e9l\u00e9charger le plan Exposition du 25 mai au 25 juillet 2023,\u00a0 vendredi, samedi et dimanche de 14h30 \u00e0 18h30 et sur rendez-vohttp:\/\/www.kojiroakagi.comus les autres jours. DOSSIER DE PRESSE http:\/\/www.kojiroakagi.com \u30ae\u30e3\u30e9\u30ea\u30fcQURT\u3000\u3068\u3000\u8d64\u6728\u66e0\u5150\u90ce\u57fa\u91d1\u3000\u306f\u3001 \u5c55\u793a\u30fb\u5373\u58f2\u4f1a\u306b\u7686\u69d8\u3092\u3054\u62db\u5f85\u3044\u305f\u3057\u307e\u3059\u3002 \u00abKojiro AKAGI &#8211; Show must go on\u00bb \u300e\u4f55\u3068\u3057\u3066\u3082\u7d9a\u3051\u306a\u3051\u308c\u3070\u306a\u3089\u306a\u3044\u300f\u5c55 \u30aa\u30fc\u30d7\u30cb\u30f3\u30b0\u30002023\u5e745\u670825\u65e5\uff08\u6728\uff09 16:00\uff5e21:00\uff08\u8981\u4e88\u7d04\uff09 R.S.V.P. &#8211; fdd@kojiroakagi.com T\u00e9l. 06 46 43 74 63 Village Suisse Paris &#8211; Galeries 80, 81 et 82 12 avenue de Champaubert &#8211; 75015 Paris Exposition du 25 mai au 25 juillet 2023,\u00a0 vendredi, samedi et dimanche de 14h30 \u00e0 18h30 et sur rendez-vous les autres jours. PRESS KIT http:\/\/www.kojiroakagi.com N\u00e9 en 1934 \u00e0 Okayama-shi au Japon, Kojiro Akagi arrive \u00e0 Paris en 1963 et entre \u00e0 l\u2019Ecole Nationale Sup\u00e9rieure des Beaux-Arts. Il commence \u00e0 travailler d\u2019apr\u00e8s nature, posant son chevalet au gr\u00e9 de ses balades parisiennes. Tr\u00e8s vite, il \u00e9tonne les passants par le choix de ses sujets, la minutie de son travail et sa technique singuli\u00e8re. Il d\u00e9c\u00e8de le 15 f\u00e9vrier 2021 \u00e0 Okayama-shi au Japon.\u00a0 1934\u5e74\u3001\u5ca1\u5c71\u5e02\u306b\u751f\u307e\u308c\u305f\u8d64\u6728\u66e0\u5150\u90ce\u306f\u300163\u5e74\u306b\u30d1\u30ea\u306b\u5230\u7740\u3057\u3001\u30d1\u30ea\u56fd\u7acb\u9ad8\u7b49\u7f8e\u8853\u5b66\u6821\u306b\u5165\u5b66\u3002\u30d1\u30ea\u5e02\u5185\u3092\u6b69\u304d\u3001\u5c4b\u5916\u306b\u30a4\u30fc\u30bc\u30eb\u3092\u7acb\u3066\u3066\u5199\u751f\u3092\u59cb\u3081\u308b\u3002\u77ac\u304f\u9593\u306b\u88ab\u5199\u4f53\u306e\u9078\u629e\u3001\u4f5c\u54c1\u306e\u7dfb\u5bc6\u3055\u3001\u305d\u306e\u7279\u7570\u306a\u6280\u6cd5\u3067\u901a\u884c\u4eba\u3092\u9a5a\u304b\u305b\u308b\u3088\u3046\u306b\u306a\u308b\u3002\u30d1\u30ea\u306e\u5404\u5730\u533a\u3092\u8a73\u3057\u304f\u8abf\u67fb\u3057\u3001\u591a\u69d8\u306a\u9762\u3092\u6301\u3064\u30d1\u30ea\u3092\u7cbe\u5bc6\u306b\u8868\u73fe\u3057\u305f\u30022021\u5e742\u670815\u65e5\u3001\u5ca1\u5c71\u5e02\u306b\u3066\u6b7b\u53bb\u3002 LE FONDS DE DOTATION KOJIRO AKAGI Pr\u00e9server et faire vivre l\u2019\u0153uvre de l\u2019artiste Kojiro Akagi, d\u00e9c\u00e9d\u00e9 en 2021, est l\u2019ambition du Fonds de Dotation Kojiro Akagi. Parmi les missions de ce Fonds, cr\u00e9\u00e9 par l\u2019artiste lui-m\u00eame de son vivant avec l\u2019aide de son actuel pr\u00e9sident, Jean-Luc Masson, soutenir les artistes s\u2019inspirant de la ville de Paris, le \u00abgrand amour\u00bb d\u2019Akagi, ainsi que la jeune g\u00e9n\u00e9ration artistique japonaise.\u00a0 Autre grande mission de ce Fonds, la conservation et l\u2019\u00e9tude de l\u2019\u0153uvre de cet artiste \u00e9rudit, grand connaisseur de Paris mais aussi du milieu de la mode et des relations franco-japonaises. Si la peinture tenait une place centrale tout au long de sa vie, Kojiro Akagi \u00e9tait aussi reconnu comme \u00e9crivain et journaliste.\u00a0 Cette exposition est le point de d\u00e9part des nombreux projets du Fonds : \u00a0cr\u00e9ation d\u2019un mus\u00e9e, d\u2019une biblioth\u00e8que, d\u2019une r\u00e9sidence d\u2019artistes pour accueillir les japonais attir\u00e9s par l\u2019univers artistique parisien.\u00a0 En acqu\u00e9rant des \u0153uvres, lithographies ou livres pr\u00e9sent\u00e9s lors cette exposition, vous participerez \u00e0 la sauvegarde du patrimoine de Kojiro Akagi et contribuerez \u00e0 la r\u00e9alisation des v\u0153ux de l\u2019artiste exprim\u00e9s lors de cr\u00e9ation de son Fonds de Dotation. \u300cKojiro Akagi \u5bc4\u4ed8\u57fa\u91d1\u300d\u306e\u4f7f\u547d\u306f\u30012021\u5e74\u306b\u4ed6\u754c\u3057\u305f\u753b\u5bb6\u3001\u8d64\u6728\u66e0\u5150\u90ce\u306e\u4f5c\u54c1\u3092\u4fdd\u5b58\u30fb\u666e\u53ca\u3059\u308b\u3053\u3068\u3067\u3059\u3002 \u8d64\u6728\u81ea\u8eab\u304c\u751f\u524d\u3001\u30ae\u30e3\u30e9\u30ea\u30b9\u30c8\u306e\u30b8\u30e3\u30f3=\u30eb\u30c3\u30af\u30fb\u30de\u30c3\u30bd\u30f3\u3068\u5171\u306b\u8a2d\u7acb\u3057\u305f\u3053\u306e\u57fa\u91d1\u306f\u3001\u5f7c\u304c\u611b\u3057\u3066\u3084\u307e\u306a\u304b\u3063\u305f\u30d1\u30ea\u306b\u30a4\u30f3\u30b9\u30d4\u30ec\u30fc\u30b7\u30e7\u30f3\u3092\u53d7\u3051\u305f\u30a2\u30fc\u30c6\u30a3\u30b9\u30c8\u3084\u3001\u65e5\u672c\u306e\u82e5\u3044\u82b8\u8853\u5bb6\u4e16\u4ee3\u3092\u652f\u63f4\u3059\u308b\u3053\u3068\u306b\u3042\u308a\u307e\u3059\u3002 \u307e\u305f\u3001\u30d1\u30ea\u3070\u304b\u308a\u3067\u306a\u304f\u3001\u30d5\u30a1\u30c3\u30b7\u30e7\u30f3\u754c\u3084\u65e5\u4ecf\u4ea4\u6d41\u306b\u3082\u6df1\u304f\u95a2\u308f\u3063\u305f\u3053\u306e\u535a\u8b58\u306a\u82b8\u8853\u5bb6\u306e\u4f5c\u54c1\u3092\u4fdd\u5b58\u3001\u7814\u7a76\u3059\u308b\u3053\u3068\u3082\u3001\u57fa\u91d1\u306e\u5927\u304d\u306a\u30df\u30c3\u30b7\u30e7\u30f3\u3067\u3059\u3002 \u8d64\u6728\u66e0\u5150\u90ce\u306f\u3001\u753b\u5bb6\u3067\u3042\u308a\u306a\u304c\u3089\u4f5c\u5bb6\u3001\u30b8\u30e3\u30fc\u30ca\u30ea\u30b9\u30c8\u3068\u3057\u3066\u3082\u77e5\u3089\u308c\u3066\u3044\u307e\u3057\u305f\u3002 \u4eca\u56de\u306e\u5c55\u89a7\u4f1a\u306f\u3001\u7f8e\u8853\u9928\u3001\u56f3\u66f8\u9928\u3001\u30d1\u30ea\u306e\u82b8\u8853\u754c\u306b\u9b45\u4e86\u3055\u308c\u305f\u65e5\u672c\u4eba\u3092\u8fce\u3048\u5165\u308c\u308b\u30a2\u30fc\u30c6\u30a3\u30b9\u30c8\u30fb\u30ec\u30b8\u30c7\u30f3\u30b9\u306e\u8a2d\u7acb\u3068\u3044\u3046\u3001\u57fa\u91d1\u306e\u3055\u307e\u3056\u307e\u306a\u30d7\u30ed\u30b8\u30a7\u30af\u30c8\u306e\u51fa\u767a\u70b9\u3068\u306a\u3063\u3066\u3044\u307e\u3059\u3002 \u672c\u5c55\u3067\u5c55\u793a\u3055\u308c\u305f\u4f5c\u54c1\u3001\u30ea\u30c8\u30b0\u30e9\u30d5\u3001\u66f8\u7c4d\u3092\u8cfc\u5165\u3057\u3066\u3044\u305f\u3060\u304f\u3053\u3068\u3067\u3001\u8d64\u6728\u66e0\u5150\u90ce\u907a\u7523\u306e\u4fdd\u5b58\u306b\u53c2\u52a0\u3057\u3001\u57fa\u91d1\u8a2d\u7acb\u6642\u306e\u8d64\u6728\u306e\u5f37\u3044\u9858\u3044\u3092\u5b9f\u73fe\u3059\u308b\u305f\u3081\u306b\u8ca2\u732e\u3059\u308b\u3053\u3068\u304c\u3067\u304d\u307e\u3059\u3002 Village Suisse Paris &#8211; Galeries 80, 81 et 82 12 avenue de Champaubert &#8211; 75015 Paris Contact : Jean-Luc Masson, t\u00e9l. 06 46 43 74 63, jlmasson@mac.com"}